{"id":949,"date":"2021-01-01T00:00:00","date_gmt":"2021-01-01T00:00:00","guid":{"rendered":"https:\/\/fabricadaspeugas.com\/?page_id=949"},"modified":"2026-03-31T21:10:02","modified_gmt":"2026-03-31T20:10:02","slug":"condiciones-generales","status":"publish","type":"page","link":"https:\/\/fabricadaspeugas.com\/es\/termos-condicoes\/","title":{"rendered":"Condiciones de uso"},"content":{"rendered":"<p><strong>Condiciones generales<\/strong><\/p>\n\n\n\n<p>A F\u00e1brica das Pe\u00fagas (EIRL &#8211; Diogo C. D. Cabelo; NIF: 216349605; Rua Helder Luciano Rold\u00e3o 4 Loja A, Matos 2430-226 Marinha Grande) presta servi\u00e7o de \u201ce-commerce\u201d e vende os seus produtos no website https:\/\/www.fabricadaspeugas.com.<\/p>\n\n\n\n<p>Al marcar \"He le\u00eddo y acepto los t\u00e9rminos y condiciones de la tienda\", el Cliente est\u00e1 aceptando estos T\u00e9rminos y Condiciones de Uso en su totalidad. <\/p>\n\n\n\n<p><strong>Propiedad intelectual e industrial<\/strong><\/p>\n\n\n\n<p>Los textos,\nlogos, c\u00f3digo fuente y resto de contenidos incluidos en el website son propiedad\nde F\u00e1brica das Pe\u00fagas. Cualquier transmisi\u00f3n, distribuci\u00f3n\nreproducci\u00f3n o almacenamiento, total o parcial, de los contenidos con fines comerciales\nsalvo previo y expreso consentimiento del titular.<\/p>\n\n\n\n<p><strong>Disponibilidad del producto<\/strong><\/p>\n\n\n\n<p>El cumplimiento de todos los pedidos realizados en el sitio web est\u00e1 sujeto a la disponibilidad de art\u00edculos en stock. Los pedidos s\u00f3lo se confirman y tramitan una vez que han sido pagados, por lo que los art\u00edculos pueden agotarse en el tiempo que transcurre entre la finalizaci\u00f3n del pedido y la realizaci\u00f3n del pago. Cuando un art\u00edculo est\u00e9 agotado, nos pondremos en contacto con el cliente en un plazo m\u00e1ximo de 5 d\u00edas laborables para proponerle una soluci\u00f3n.<\/p>\n\n\n\n<p><strong>Formas de pago<\/strong><\/p>\n\n\n\n<p>Est\u00e1n disponibles los siguientes m\u00e9todos de pago:<\/p>\n\n\n\n<ul class=\"wp-block-list\">\n<li>MBWay<\/li>\n\n\n\n<li>ATM<\/li>\n\n\n\n<li>PayPal<\/li>\n\n\n\n<li>PayShop<\/li>\n\n\n\n<li>Visa\/Mastercard<\/li>\n<\/ul>\n\n\n\n<p>Los pedidos s\u00f3lo se env\u00edan una vez que hemos recibido la confirmaci\u00f3n del pago mediante el ingreso del importe en nuestra cuenta bancaria.<\/p>\n\n\n\n<p><strong>Entrega de pedidos<\/strong><\/p>\n\n\n\n<p>El plazo medio de entrega para Portugal continental, Madeira y Azores es de 1 a 3 d\u00edas laborables tras la confirmaci\u00f3n del pago, para los art\u00edculos en stock. Y una media de 5 a 15 d\u00edas h\u00e1biles despu\u00e9s de la confirmaci\u00f3n del pago para los art\u00edculos sin stock (a menos que el transportista se retrase).<\/p>\n\n\n\n<p>Los gastos de env\u00edo son gratuitos para compras superiores a 45 euros con IVA (excepto promociones en curso) y s\u00f3lo son v\u00e1lidos para Portugal continental y Espa\u00f1a continental. Todas las compras, independientemente de la ubicaci\u00f3n de la direcci\u00f3n de entrega, cuyo valor sea inferior a 45 \u20ac o cuyo peso total supere los 2 kg est\u00e1n sujetas a gastos de env\u00edo.<br>Los gastos de env\u00edo se determinan en funci\u00f3n del peso total de la compra y de la ubicaci\u00f3n de la direcci\u00f3n de entrega.<\/p>\n\n\n\n<p>F\u00e1brica das Pe\u00fagas garantiza el cumplimiento y la finalizaci\u00f3n de los pedidos para clientes B2B y B2C internacionales. Los gastos de env\u00edo internacionales se calculan en funci\u00f3n del pa\u00eds de destino. Importe indicado en la p\u00e1gina de pago.<\/p>\n\n\n\n<p>El plazo medio de entrega de los env\u00edos internacionales es de unos 10 d\u00edas laborables. Este es el plazo de entrega previsto y no incluye el tiempo de despacho de aduanas, si fuera necesario.<\/p>\n\n\n\n<p>Servicios incluidos en el franqueo:<\/p>\n\n\n\n<ul class=\"wp-block-list\">\n<li>Asignaci\u00f3n de un c\u00f3digo de barras con un n\u00famero de identificaci\u00f3n \u00fanico;<\/li>\n\n\n\n<li>Prueba del env\u00edo;<\/li>\n\n\n\n<li>Control individual;<\/li>\n\n\n\n<li>Tratamiento especial;<\/li>\n\n\n\n<li>Seguimiento y localizaci\u00f3n del paquete hasta su recepci\u00f3n;<\/li>\n\n\n\n<li>Embalaje exclusivo de F\u00e1brica das Pe\u00fagas;<\/li>\n\n\n\n<li>Regalo gratuito (limitado a las existencias).<\/li>\n<\/ul>\n\n\n\n<p><strong>Cambios y devoluciones<\/strong><\/p>\n\n\n\n<p>F\u00e1brica das Pe\u00fagas acepta cambios y devoluciones de sus art\u00edculos en un plazo m\u00e1ximo de 14 d\u00edas, siendo el plazo a contar desde el d\u00eda en que el cliente recibi\u00f3 el producto y siempre que:<br>El producto no se ha utilizado;<br>Mantenga intactas sus caracter\u00edsticas y etiquetas originales.<br>En caso de incumplimiento de alguno de los puntos mencionados anteriormente, no se aceptar\u00e1 la devoluci\u00f3n o el cambio (ni el consiguiente reembolso).<\/p>\n\n\n\n<p>Si desea cambiar o devolver el art\u00edculo, env\u00ede un correo electr\u00f3nico a info@fabricadaspeugas.com o rellene el formulario correspondiente, <a href=\"https:\/\/fabricadaspeugas.com\/es\/hable-con-nosotros\/\">aqu\u00ed<\/a>. Un asistente se pondr\u00e1 en contacto con usted para acompa\u00f1arle durante todo el proceso.<\/p>\n\n\n\n<p><strong>En caso de cambio<\/strong>Esto s\u00f3lo tendr\u00e1 lugar una vez que el cliente haya entregado el art\u00edculo en cuesti\u00f3n. Se le enviar\u00e1 gratuitamente el art\u00edculo correcto.<br><strong>En caso de devoluci\u00f3n<\/strong>Las devoluciones corren a cargo del cliente. No se aceptan devoluciones para su recogida.<br><br>Le aconsejamos que nos env\u00ede su devoluci\u00f3n por correo certificado, ya que no podemos responsabilizarnos de ninguna p\u00e9rdida por parte del transportista.<\/p>\n\n\n\n<p>El reenv\u00edo de pedidos por direcci\u00f3n incorrecta\/incompleta, ausencia del destinatario, pedido no reclamado o rechazo del pedido conllevar\u00e1 un coste adicional que correr\u00e1 a cargo del cliente. El importe se calcula en funci\u00f3n del peso total del paquete y del destino final.<\/p>\n\n\n\n<p><strong>Pol\u00edtica de reembolso de la Comisi\u00f3n<\/strong> <\/p>\n\n\n\n<p>Las comisiones y tasas asociadas a las devoluciones no se devuelven al cliente.<\/p>\n\n\n\n<p><strong>Inscripci\u00f3n <\/strong><\/p>\n\n\n\n<p>En el proceso de registro o pedido, debe introducir siempre su <strong>nombre<\/strong> e <strong>direcci\u00f3n completa<\/strong>. Al igual que su <strong>contactos<\/strong> son muy importantes, ya que pueden ayudarle a resolver r\u00e1pidamente las dudas sobre su pedido.<br><br>F\u00e1brica das Pe\u00fagas no se responsabiliza de cualquier fallo o error en los datos introducidos al registrarse como cliente.<\/p>\n\n\n\n<p><strong>Precios<\/strong><\/p>\n\n\n\n<p>Los precios de los productos expuestos en el sitio contienen\/llevan el Impuesto sobre el Valor A\u00f1adido (IVA al tipo legal vigente 23%).<\/p>\n\n\n\n<p>Todos los precios se indican en euros. Tenga en cuenta que el cambio de pa\u00eds de entrega puede influir en los precios debido a los costes de transporte.<br><br>El precio total especificado en la p\u00e1gina de pago incluye impuestos y gastos de env\u00edo. Los precios se indican al confirmar el pedido.<br><br>Los precios de los productos mostrados en el sitio est\u00e1n sujetos a cambios. La F\u00e1brica das Pe\u00fagas se reserva el derecho de modificar los precios sin previo aviso. Los precios mostrados en el momento de la compra son los precios aplicados a esa compra.<br><br>Tenga en cuenta que, a pesar de que la p\u00e1gina web se actualiza con sumo cuidado, es posible que la informaci\u00f3n sobre precios contenida en ella contenga errores. F\u00e1brica das Pe\u00fagas no se compromete con la oferta y se reserva el derecho de cancelar su pedido en caso de que se produzca dicho error.<\/p>\n\n\n\n<p><strong>Producto<\/strong><\/p>\n\n\n\n<p>Por razones t\u00e9cnicas, las im\u00e1genes mostradas pueden diferir ligeramente de los colores reales.<\/p>\n\n\n\n<p><strong>Env\u00edo de comunicaciones<\/strong><\/p>\n\n\n\n<p>Su direcci\u00f3n de correo electr\u00f3nico puede utilizarse para comunicarle informaci\u00f3n sobre nuestros productos, servicios, eventos o para otros fines promocionales.<\/p>\n\n\n\n<p><strong>Protecci\u00f3n y gesti\u00f3n de sus datos personales <\/strong><\/p>\n\n\n\n<p>F\u00e1brica das Pe\u00fagas comparte sus datos personales con: <\/p>\n\n\n\n<p>a) Terceros proveedores de servicios que procesan datos personales en nombre de F\u00e1brica das Pe\u00fagas, por ejemplo, para procesar tarjetas de cr\u00e9dito y pagos (IFTHENPAY y PAYPAL), env\u00edos y entregas (CTT Expresso o CTT Correio), gestionar y procesar nuestros datos, distribuir correos electr\u00f3nicos (MailChimp), investigaci\u00f3n y an\u00e1lisis, gesti\u00f3n de marca y promociones de productos, as\u00ed como administrar determinados servicios y funcionalidades (Google Analytics).<\/p>\n\n\n\n<p>b) Otros terceros, en la medida necesaria para:<\/p>\n\n\n\n<p>1- Cumplir una solicitud de las autoridades gubernamentales, una orden judicial o la legislaci\u00f3n aplicable; <br>2- Prevenir usos ilegales, violaciones de los T\u00e9rminos y Condiciones de Uso y Pol\u00edticas de nuestras p\u00e1ginas web y Apps;<br>3- Defendernos frente a reclamaciones de terceros.<br>4- Ayudar en la prevenci\u00f3n o investigaci\u00f3n de fraudes (por ejemplo, pagos fraudulentos).<br>5- Tambi\u00e9n podremos transferir sus datos personales en caso de venta o transferencia de la totalidad o parte de nuestro negocio o activos (incluso en caso de reorganizaci\u00f3n, escisi\u00f3n, disoluci\u00f3n o liquidaci\u00f3n). <\/p>\n\n\n\n<p>6- Remarketing<br> Las p\u00e1ginas de nuestro sitio web utilizan tecnolog\u00eda de retargeting.  Esta tecnolog\u00eda nos permite mostrar a nuestros visitantes que ya han mostrado inter\u00e9s en nuestra tienda y nuestros productos, anuncios de nuestros productos en sitios web asociados. <\/p>\n\n\n\n<p>Adem\u00e1s, trabajamos con otras empresas que utilizan tecnolog\u00edas de seguimiento para ofrecer anuncios en Internet en nuestro nombre. Estas empresas pueden recopilar informaci\u00f3n sobre sus visitas a nuestras p\u00e1ginas web y su interacci\u00f3n con nuestras comunicaciones, incluidos los anuncios.<br>Las tecnolog\u00edas de reorientaci\u00f3n analizan sus cookies y le muestran anuncios basados en su comportamiento de navegaci\u00f3n anterior. Para m\u00e1s informaci\u00f3n sobre las cookies, consulte la secci\u00f3n de cookies.<\/p>\n\n\n\n<p>7- Conservaci\u00f3n de sus datos<br>Conservamos sus datos personales durante el tiempo necesario para cumplir los fines para los que los recogimos, a menos que la ley disponga lo contrario. <\/p>\n\n\n\n<p><strong>Protecci\u00f3n de la infancia<\/strong><\/p>\n\n\n\n<p>No se permiten transacciones con consumidores menores de 16 a\u00f1os.<\/p>","protected":false},"excerpt":{"rendered":"<p>Condi\u00e7\u00f5es Gerais A F\u00e1brica das Pe\u00fagas (EIRL &#8211; Diogo C. D. Cabelo; NIF: 216349605; Rua Helder Luciano Rold\u00e3o 4 Loja A, Matos 2430-226 Marinha Grande) presta servi\u00e7o de \u201ce-commerce\u201d e vende os seus produtos no website https:\/\/www.fabricadaspeugas.com. Ao assinalar a op\u00e7\u00e3o \u201cLi e aceito os termos e condi\u00e7\u00f5es da loja\u201d, o Cliente est\u00e1 a aceitar [&hellip;]<\/p>\n","protected":false},"author":1,"featured_media":0,"parent":0,"menu_order":0,"comment_status":"closed","ping_status":"closed","template":"","meta":{"footnotes":""},"class_list":["post-949","page","type-page","status-publish","hentry"],"yoast_head":"<!-- This site is optimized with the Yoast SEO plugin v27.5 - https:\/\/yoast.com\/product\/yoast-seo-wordpress\/ -->\n<title>Termos e Condi\u00e7\u00f5es de Uso &#8211; F\u00e1brica das Pe\u00fagas\u00ae - N\u00e3o s\u00e3o s\u00f3 pe\u00fagas!<\/title>\n<meta name=\"robots\" content=\"index, follow, max-snippet:-1, max-image-preview:large, max-video-preview:-1\" \/>\n<link rel=\"canonical\" href=\"https:\/\/fabricadaspeugas.com\/es\/condiciones-generales\/\" \/>\n<meta property=\"og:locale\" content=\"es_ES\" \/>\n<meta property=\"og:type\" content=\"article\" \/>\n<meta property=\"og:title\" content=\"Termos e Condi\u00e7\u00f5es de Uso &#8211; F\u00e1brica das Pe\u00fagas\u00ae - N\u00e3o s\u00e3o s\u00f3 pe\u00fagas!\" \/>\n<meta property=\"og:description\" content=\"Condi\u00e7\u00f5es Gerais A F\u00e1brica das Pe\u00fagas (EIRL &#8211; Diogo C. D. Cabelo; NIF: 216349605; Rua Helder Luciano Rold\u00e3o 4 Loja A, Matos 2430-226 Marinha Grande) presta servi\u00e7o de \u201ce-commerce\u201d e vende os seus produtos no website https:\/\/www.fabricadaspeugas.com. Ao assinalar a op\u00e7\u00e3o \u201cLi e aceito os termos e condi\u00e7\u00f5es da loja\u201d, o Cliente est\u00e1 a aceitar [&hellip;]\" \/>\n<meta property=\"og:url\" content=\"https:\/\/fabricadaspeugas.com\/es\/condiciones-generales\/\" \/>\n<meta property=\"og:site_name\" content=\"F\u00e1brica das Pe\u00fagas\u00ae - N\u00e3o s\u00e3o s\u00f3 pe\u00fagas!\" \/>\n<meta property=\"article:publisher\" content=\"https:\/\/www.facebook.com\/fabricadaspeugas\" \/>\n<meta property=\"article:modified_time\" content=\"2026-03-31T20:10:02+00:00\" \/>\n<meta name=\"twitter:card\" content=\"summary_large_image\" \/>\n<meta name=\"twitter:label1\" content=\"Tiempo de lectura\" \/>\n\t<meta name=\"twitter:data1\" content=\"8 minutos\" \/>\n<script type=\"application\/ld+json\" class=\"yoast-schema-graph\">{\"@context\":\"https:\\\/\\\/schema.org\",\"@graph\":[{\"@type\":\"WebPage\",\"@id\":\"https:\\\/\\\/fabricadaspeugas.com\\\/termos-condicoes\\\/\",\"url\":\"https:\\\/\\\/fabricadaspeugas.com\\\/termos-condicoes\\\/\",\"name\":\"Termos e Condi\u00e7\u00f5es de Uso &#8211; F\u00e1brica das Pe\u00fagas\u00ae - N\u00e3o s\u00e3o s\u00f3 pe\u00fagas!\",\"isPartOf\":{\"@id\":\"https:\\\/\\\/fabricadaspeugas.com\\\/#website\"},\"datePublished\":\"2021-01-01T00:00:00+00:00\",\"dateModified\":\"2026-03-31T20:10:02+00:00\",\"breadcrumb\":{\"@id\":\"https:\\\/\\\/fabricadaspeugas.com\\\/termos-condicoes\\\/#breadcrumb\"},\"inLanguage\":\"es\",\"potentialAction\":[{\"@type\":\"ReadAction\",\"target\":[\"https:\\\/\\\/fabricadaspeugas.com\\\/termos-condicoes\\\/\"]}]},{\"@type\":\"BreadcrumbList\",\"@id\":\"https:\\\/\\\/fabricadaspeugas.com\\\/termos-condicoes\\\/#breadcrumb\",\"itemListElement\":[{\"@type\":\"ListItem\",\"position\":1,\"name\":\"In\u00edcio\",\"item\":\"https:\\\/\\\/fabricadaspeugas.com\\\/\"},{\"@type\":\"ListItem\",\"position\":2,\"name\":\"Termos e Condi\u00e7\u00f5es de Uso\"}]},{\"@type\":\"WebSite\",\"@id\":\"https:\\\/\\\/fabricadaspeugas.com\\\/#website\",\"url\":\"https:\\\/\\\/fabricadaspeugas.com\\\/\",\"name\":\"F\u00e1brica das Pe\u00fagas\u00ae - N\u00e3o s\u00e3o s\u00f3 pe\u00fagas!\",\"description\":\"Pe\u00fagas divertidas, casuais, desportivas e confort\u00e1veis. Desfrute de conforto e qualidade incompar\u00e1veis \u200b\u200ba cada passo.\",\"publisher\":{\"@id\":\"https:\\\/\\\/fabricadaspeugas.com\\\/#organization\"},\"potentialAction\":[{\"@type\":\"SearchAction\",\"target\":{\"@type\":\"EntryPoint\",\"urlTemplate\":\"https:\\\/\\\/fabricadaspeugas.com\\\/?s={search_term_string}\"},\"query-input\":{\"@type\":\"PropertyValueSpecification\",\"valueRequired\":true,\"valueName\":\"search_term_string\"}}],\"inLanguage\":\"es\"},{\"@type\":\"Organization\",\"@id\":\"https:\\\/\\\/fabricadaspeugas.com\\\/#organization\",\"name\":\"F\u00e1brica das Pe\u00fagas\u00ae\",\"url\":\"https:\\\/\\\/fabricadaspeugas.com\\\/\",\"logo\":{\"@type\":\"ImageObject\",\"inLanguage\":\"es\",\"@id\":\"https:\\\/\\\/fabricadaspeugas.com\\\/#\\\/schema\\\/logo\\\/image\\\/\",\"url\":\"https:\\\/\\\/fabricadaspeugas.com\\\/wp-content\\\/uploads\\\/2025\\\/05\\\/fabrica_das_peugas_logov3.png\",\"contentUrl\":\"https:\\\/\\\/fabricadaspeugas.com\\\/wp-content\\\/uploads\\\/2025\\\/05\\\/fabrica_das_peugas_logov3.png\",\"width\":200,\"height\":121,\"caption\":\"F\u00e1brica das Pe\u00fagas\u00ae\"},\"image\":{\"@id\":\"https:\\\/\\\/fabricadaspeugas.com\\\/#\\\/schema\\\/logo\\\/image\\\/\"},\"sameAs\":[\"https:\\\/\\\/www.facebook.com\\\/fabricadaspeugas\",\"https:\\\/\\\/www.instagram.com\\\/fabrica.das.peugas\\\/\"]}]}<\/script>\n<!-- \/ Yoast SEO plugin. -->","yoast_head_json":{"title":"Condiciones de uso - F\u00e1brica das Pe\u00fagas\u00ae - \u00a1No son s\u00f3lo calcetines!","robots":{"index":"index","follow":"follow","max-snippet":"max-snippet:-1","max-image-preview":"max-image-preview:large","max-video-preview":"max-video-preview:-1"},"canonical":"https:\/\/fabricadaspeugas.com\/es\/condiciones-generales\/","og_locale":"es_ES","og_type":"article","og_title":"Termos e Condi\u00e7\u00f5es de Uso &#8211; F\u00e1brica das Pe\u00fagas\u00ae - N\u00e3o s\u00e3o s\u00f3 pe\u00fagas!","og_description":"Condi\u00e7\u00f5es Gerais A F\u00e1brica das Pe\u00fagas (EIRL &#8211; Diogo C. D. Cabelo; NIF: 216349605; Rua Helder Luciano Rold\u00e3o 4 Loja A, Matos 2430-226 Marinha Grande) presta servi\u00e7o de \u201ce-commerce\u201d e vende os seus produtos no website https:\/\/www.fabricadaspeugas.com. Ao assinalar a op\u00e7\u00e3o \u201cLi e aceito os termos e condi\u00e7\u00f5es da loja\u201d, o Cliente est\u00e1 a aceitar [&hellip;]","og_url":"https:\/\/fabricadaspeugas.com\/es\/condiciones-generales\/","og_site_name":"F\u00e1brica das Pe\u00fagas\u00ae - N\u00e3o s\u00e3o s\u00f3 pe\u00fagas!","article_publisher":"https:\/\/www.facebook.com\/fabricadaspeugas","article_modified_time":"2026-03-31T20:10:02+00:00","twitter_card":"summary_large_image","twitter_misc":{"Tiempo de lectura":"8 minutos"},"schema":{"@context":"https:\/\/schema.org","@graph":[{"@type":"WebPage","@id":"https:\/\/fabricadaspeugas.com\/termos-condicoes\/","url":"https:\/\/fabricadaspeugas.com\/termos-condicoes\/","name":"Condiciones de uso - F\u00e1brica das Pe\u00fagas\u00ae - \u00a1No son s\u00f3lo calcetines!","isPartOf":{"@id":"https:\/\/fabricadaspeugas.com\/#website"},"datePublished":"2021-01-01T00:00:00+00:00","dateModified":"2026-03-31T20:10:02+00:00","breadcrumb":{"@id":"https:\/\/fabricadaspeugas.com\/termos-condicoes\/#breadcrumb"},"inLanguage":"es","potentialAction":[{"@type":"ReadAction","target":["https:\/\/fabricadaspeugas.com\/termos-condicoes\/"]}]},{"@type":"BreadcrumbList","@id":"https:\/\/fabricadaspeugas.com\/termos-condicoes\/#breadcrumb","itemListElement":[{"@type":"ListItem","position":1,"name":"In\u00edcio","item":"https:\/\/fabricadaspeugas.com\/"},{"@type":"ListItem","position":2,"name":"Termos e Condi\u00e7\u00f5es de Uso"}]},{"@type":"WebSite","@id":"https:\/\/fabricadaspeugas.com\/#website","url":"https:\/\/fabricadaspeugas.com\/","name":"F\u00e1brica das Pe\u00fagas\u00ae - \u00a1No s\u00f3lo calcetines!","description":"Calcetines divertidos, informales, deportivos y c\u00f3modos. Disfruta de un confort y una calidad inigualables a cada paso.","publisher":{"@id":"https:\/\/fabricadaspeugas.com\/#organization"},"potentialAction":[{"@type":"SearchAction","target":{"@type":"EntryPoint","urlTemplate":"https:\/\/fabricadaspeugas.com\/?s={search_term_string}"},"query-input":{"@type":"PropertyValueSpecification","valueRequired":true,"valueName":"search_term_string"}}],"inLanguage":"es"},{"@type":"Organization","@id":"https:\/\/fabricadaspeugas.com\/#organization","name":"F\u00e1brica de calcetines","url":"https:\/\/fabricadaspeugas.com\/","logo":{"@type":"ImageObject","inLanguage":"es","@id":"https:\/\/fabricadaspeugas.com\/#\/schema\/logo\/image\/","url":"https:\/\/fabricadaspeugas.com\/wp-content\/uploads\/2025\/05\/fabrica_das_peugas_logov3.png","contentUrl":"https:\/\/fabricadaspeugas.com\/wp-content\/uploads\/2025\/05\/fabrica_das_peugas_logov3.png","width":200,"height":121,"caption":"F\u00e1brica das Pe\u00fagas\u00ae"},"image":{"@id":"https:\/\/fabricadaspeugas.com\/#\/schema\/logo\/image\/"},"sameAs":["https:\/\/www.facebook.com\/fabricadaspeugas","https:\/\/www.instagram.com\/fabrica.das.peugas\/"]}]}},"_links":{"self":[{"href":"https:\/\/fabricadaspeugas.com\/es\/wp-json\/wp\/v2\/pages\/949","targetHints":{"allow":["GET"]}}],"collection":[{"href":"https:\/\/fabricadaspeugas.com\/es\/wp-json\/wp\/v2\/pages"}],"about":[{"href":"https:\/\/fabricadaspeugas.com\/es\/wp-json\/wp\/v2\/types\/page"}],"author":[{"embeddable":true,"href":"https:\/\/fabricadaspeugas.com\/es\/wp-json\/wp\/v2\/users\/1"}],"replies":[{"embeddable":true,"href":"https:\/\/fabricadaspeugas.com\/es\/wp-json\/wp\/v2\/comments?post=949"}],"version-history":[{"count":0,"href":"https:\/\/fabricadaspeugas.com\/es\/wp-json\/wp\/v2\/pages\/949\/revisions"}],"wp:attachment":[{"href":"https:\/\/fabricadaspeugas.com\/es\/wp-json\/wp\/v2\/media?parent=949"}],"curies":[{"name":"wp","href":"https:\/\/api.w.org\/{rel}","templated":true}]}}