{"id":949,"date":"2021-01-01T00:00:00","date_gmt":"2021-01-01T00:00:00","guid":{"rendered":"https:\/\/fabricadaspeugas.com\/?page_id=949"},"modified":"2026-03-31T21:10:02","modified_gmt":"2026-03-31T20:10:02","slug":"termos-condicoes","status":"publish","type":"page","link":"https:\/\/fabricadaspeugas.com\/pt_pt\/termos-condicoes\/","title":{"rendered":"Termos e Condi\u00e7\u00f5es de Uso"},"content":{"rendered":"\n<p><strong>Condi\u00e7\u00f5es Gerais<\/strong><\/p>\n\n\n\n<p>A F\u00e1brica das Pe\u00fagas (EIRL &#8211; Diogo C. D. Cabelo; NIF: 216349605; Rua Helder Luciano Rold\u00e3o 4 Loja A, Matos 2430-226 Marinha Grande) presta servi\u00e7o de \u201ce-commerce\u201d e vende os seus produtos no website https:\/\/www.fabricadaspeugas.com.<\/p>\n\n\n\n<p>Ao assinalar a op\u00e7\u00e3o \u201cLi e aceito os termos e condi\u00e7\u00f5es da loja\u201d, o Cliente est\u00e1 a aceitar na \u00edntegra os presentes Termos e Condi\u00e7\u00f5es de Uso. <\/p>\n\n\n\n<p><strong>Propriedade Intelectual e Industrial<\/strong><\/p>\n\n\n\n<p>Os textos,\nlog\u00f3tipos, c\u00f3digo fonte e o restante conte\u00fado inclu\u00eddo no website s\u00e3o propriedade\nda F\u00e1brica das Pe\u00fagas. Fica proibida qualquer transmiss\u00e3o, distribui\u00e7\u00e3o,\nreprodu\u00e7\u00e3o ou armazenamento, total ou parcial, dos conte\u00fados para fins\ncomerciais, salvo pr\u00e9vio e expresso consentimento do titular.<\/p>\n\n\n\n<p><strong>Disponibilidade de Produtos<\/strong><\/p>\n\n\n\n<p>A satisfa\u00e7\u00e3o de todas as encomendas realizadas no website est\u00e1 sujeita \u00e0 disponibilidade dos artigos em stock. As encomendas apenas s\u00e3o confirmadas e processadas depois de serem pagas, pelo que os artigos podem esgotar no tempo que medeia entre que a encomenda \u00e9 finalizada e o momento em que \u00e9 efetuado o pagamento. Sempre que um artigo esgote, entraremos em contacto com o cliente, no prazo m\u00e1ximo de 5 dias \u00fateis, a fim de propor uma solu\u00e7\u00e3o.<\/p>\n\n\n\n<p><strong>Formas de pagamento<\/strong><\/p>\n\n\n\n<p>S\u00e3o disponibilizadas as seguintes modalidades de pagamento:<\/p>\n\n\n\n<ul class=\"wp-block-list\">\n<li>MBWay<\/li>\n\n\n\n<li>Multibanco<\/li>\n\n\n\n<li>PayPal<\/li>\n\n\n\n<li>PayShop<\/li>\n\n\n\n<li>Visa\/Mastercard<\/li>\n<\/ul>\n\n\n\n<p>As encomendas s\u00f3 s\u00e3o expedidas ap\u00f3s recebermos a confirma\u00e7\u00e3o do pagamento das mesmas pela entrada do valor na nossa conta banc\u00e1ria.<\/p>\n\n\n\n<p><strong>Entrega da encomenda<\/strong><\/p>\n\n\n\n<p>O prazo m\u00e9dio de entrega para Portugal Continental, Madeira e A\u00e7ores \u00e9 de 1 a 3 dias \u00fateis ap\u00f3s confirma\u00e7\u00e3o de pagamento, para artigos com stock. E em m\u00e9dia de 5 a 15 dias \u00fateis ap\u00f3s confirma\u00e7\u00e3o de pagamento, para artigos sem stock. (salvo atrasos por parte da transportadora).<\/p>\n\n\n\n<p>O valor dos portes de envio \u00e9 gratuito para compras acima de 45\u20ac c\/IVA (salvo promo\u00e7\u00f5es em vigor) v\u00e1lido apenas para Portugal Continental e Espanha Continental. Est\u00e3o sujeitos a portes de envios, todas as compras, independentemente da localiza\u00e7\u00e3o da morada de descarga, de valor inferior 45\u20ac ou cujo peso total da compra exceda os 2Kg.<br>O valor do portes de envio \u00e9 definido mediante o peso total da compra e localiza\u00e7\u00e3o da morada de descarga.<\/p>\n\n\n\n<p>A F\u00e1brica das Pe\u00fagas garante a realiza\u00e7\u00e3o e finaliza\u00e7\u00e3o de encomendas a clientes B2B e B2C internacionais. O valor dos portes de envio internacional \u00e9 calculado mediante o pa\u00eds destino. Valor apresentado na pagina do checkout.<\/p>\n\n\n\n<p>O prazo de entrega para envio internacionais \u00e9, em m\u00e9dia, cerca de 10 dias \u00fateis. Este \u00e9 o prazo esperado de entrega e n\u00e3o inclui o tempo de desalfandegamento, caso seja necess\u00e1rio.<\/p>\n\n\n\n<p>Servi\u00e7os inclu\u00eddo nos portes de envio:<\/p>\n\n\n\n<ul class=\"wp-block-list\">\n<li>Atribui\u00e7\u00e3o de c\u00f3digo de barras com n\u00famero de identifica\u00e7\u00e3o \u00fanico;<\/li>\n\n\n\n<li>Comprovativo de envio;<\/li>\n\n\n\n<li>Controlo individual;<\/li>\n\n\n\n<li>Tratamento especial;<\/li>\n\n\n\n<li>Acompanhamento e localiza\u00e7\u00e3o da encomenda at\u00e9 rece\u00e7\u00e3o;<\/li>\n\n\n\n<li>Embalagem exclusiva F\u00e1brica das Pe\u00fagas;<\/li>\n\n\n\n<li>Brinde oferta (limitado ao stock existente).<\/li>\n<\/ul>\n\n\n\n<p><strong>Trocas e Devolu\u00e7\u00f5es<\/strong><\/p>\n\n\n\n<p>A F\u00e1brica das Pe\u00fagas aceita a troca e devolu\u00e7\u00f5es dos seus artigos no prazo m\u00e1ximo de 14 dias sendo que o prazo come\u00e7a a contar a partir do dia em que o cliente rececionou o produto e desde que:<br>O produto n\u00e3o tenha sido usado;<br>Mantenha as suas caracter\u00edsticas originais e respectivas etiquetas intactas.<br>No caso de viola\u00e7\u00e3o de algum dos pontos mencionados acima, n\u00e3o \u00e9 aceite a devolu\u00e7\u00e3o ou a troca (e o consequente reembolso).<\/p>\n\n\n\n<p>Caso deseje efetuar troca ou devolu\u00e7\u00e3o do(s) artigo(s) dever\u00e1 enviar um e-mail, a informar, para info@fabricadaspeugas.com ou preencha o formul\u00e1rio pr\u00f3prio para o efeito, <a href=\"https:\/\/fabricadaspeugas.com\/fale-connosco\/\">aqui<\/a>. Um assistente ir\u00e1 entrar em contacto consigo para o acompanhar durante todo o processo.<\/p>\n\n\n\n<p><strong>Em caso de troca<\/strong>, a mesma s\u00f3 se proceder\u00e1 ap\u00f3s a entrega do respetivo artigo por parte do cliente. O artigo correto ser-lhe-\u00e1 enviado sem cobrar despesas de envio.<br><strong>Em caso de devolu\u00e7\u00e3o<\/strong>, os custos de devolu\u00e7\u00e3o s\u00e3o a cargo do cliente. N\u00e3o aceitamos devolu\u00e7\u00f5es \u00e0 cobran\u00e7a.<br><br>Aconselhamos que nos envie a sua devolu\u00e7\u00e3o por correio registado, pois n\u00e3o nos responsabilizamos por eventuais extravios por parte da transportadora.<\/p>\n\n\n\n<p>Os reenvio de encomendas por morada incorreta\/incompleta, aus\u00eancia do destinat\u00e1rio ou por encomenda n\u00e3o reclamada ou por recusa da encomenda, tem custo adicional que ser\u00e1 imputado ao cliente. O valor \u00e9 calculado mediante o peso total da encomenda e destino final.<\/p>\n\n\n\n<p><strong>Pol\u00edtica de reembolso de comiss\u00f5es<\/strong> <\/p>\n\n\n\n<p>Comiss\u00f5es e taxas associados a reembolsos n\u00e3o s\u00e3o devolvidas ao cliente.<\/p>\n\n\n\n<p><strong>Registo <\/strong><\/p>\n\n\n\n<p>No seu processo de registo ou encomenda, deve colocar sempre o seu <strong>nome<\/strong> e <strong>morada completa<\/strong>. Assim como os seus <strong>contactos<\/strong> s\u00e3o muito importantes, uma vez que podem ajudar a resolver d\u00favidas sobre a sua encomenda de forma r\u00e1pida.<br><br>A F\u00e1brica das Pe\u00fagas n\u00e3o se responsabiliza por qualquer falta ou erro nos dados inseridos aquando do registo de cliente.<\/p>\n\n\n\n<p><strong>Pre\u00e7os<\/strong><\/p>\n\n\n\n<p>Os pre\u00e7os dos produtos exibidos no site cont\u00eam\/comportam o Valor Acrescentado (IVA \u00e0 taxa legal em vigor 23%).<\/p>\n\n\n\n<p>Os pre\u00e7os s\u00e3o todos cotados em euros. Por favor, note que a mudan\u00e7a de pa\u00eds de entrega pode ter influ\u00eancia sobre os pre\u00e7os devido aos custos de transporte.<br><br>O pre\u00e7o total especificado na p\u00e1gina do checkout inclui impostos e custos de envio. Os pre\u00e7os s\u00e3o cotados aquando da confirma\u00e7\u00e3o da encomenda.<br><br>Os pre\u00e7os dos produtos apresentados no site s\u00e3o pass\u00edveis de altera\u00e7\u00e3o. A F\u00e1brica das Pe\u00fagas reserva-se no direito de alterar os pre\u00e7os sem aviso pr\u00e9vio. Os pre\u00e7os exibidos no momento da compra s\u00e3o os pre\u00e7os aplicados a essa compra.<br><br>Por favor note que mesmo sendo o site atualizado com extrema aten\u00e7\u00e3o \u00e9 poss\u00edvel que a informa\u00e7\u00e3o sobre o pre\u00e7o no site contenha erros. A F\u00e1brica das Pe\u00fagas n\u00e3o se compromete com a oferta e reserva-se ao direito a cancelar a sua encomenda, no caso de tal erro ocorrer.<\/p>\n\n\n\n<p><strong>Produto<\/strong><\/p>\n\n\n\n<p>Por quest\u00f5es t\u00e9cnicas, as imagens apresentadas podem diferir ligeiramente das cores reais.<\/p>\n\n\n\n<p><strong>Envio de Comunica\u00e7\u00e3o<\/strong><\/p>\n\n\n\n<p>O seu endere\u00e7o de e-mail poder\u00e1 ser usado para comunicar informa\u00e7\u00f5es sobre os nossos produtos, servi\u00e7os, eventos ou para outras finalidades promocionais.<\/p>\n\n\n\n<p><strong>Prote\u00e7\u00e3o e Gest\u00e3o dos seus Dados Pessoais <\/strong><\/p>\n\n\n\n<p>A F\u00e1brica das Pe\u00fagas partilha os seus dados pessoais com: <\/p>\n\n\n\n<p>a) Terceiros prestadores de servi\u00e7os que tratem dados pessoais em representa\u00e7\u00e3o da F\u00e1brica das Pe\u00fagas por exemplo, para processar cart\u00f5es de cr\u00e9dito e pagamentos (IFTHENPAY e PAYPAL), envios e entregas (CTT Expresso ou CTT Correio), gerir e prestar os nossos dados, distribuir e-mails (MailChimp), pesquisa e an\u00e1lises, gest\u00e3o de marca e promo\u00e7\u00f5es de produtos, assim como administrar certos servi\u00e7os e funcionalidades (Google Analytics).<\/p>\n\n\n\n<p>b) Outros terceiros, na medida do necess\u00e1rio para:<\/p>\n\n\n\n<p>1- Cumprir uma solicita\u00e7\u00e3o das autoridades governamentais, uma ordem judicial ou lei aplic\u00e1vel; <br>2- Prevenir usos ilegais, viola\u00e7\u00f5es dos Termos e Condi\u00e7\u00f5es de Uso e Pol\u00edticas das nossas p\u00e1ginas do website e Apps;<br>3- Defender-nos contra reclama\u00e7\u00f5es de terceiros.<br>4- Auxiliar na preven\u00e7\u00e3o ou investiga\u00e7\u00e3o de fraude (por exemplo, pagamentos fraudulentos).<br>5- Tamb\u00e9m poderemos transferir os seus dados pessoais no caso de venda ou  transmiss\u00e3o da totalidade ou de parte dos nossos neg\u00f3cios ou ativos  (inclusive em caso de reorganiza\u00e7\u00e3o, cis\u00e3o, dissolu\u00e7\u00e3o ou liquida\u00e7\u00e3o). <\/p>\n\n\n\n<p>6- Remarketing<br> As nossas p\u00e1ginas do website fazem uso de tecnologias de retargeting.  Esta tecnologia permite-nos mostrar aos nossos visitantes que j\u00e1 demonstraram interesse na nossa loja e nos nossos produtos, an\u00fancios dos nossos produtos em p\u00e1ginas web parceiras. <\/p>\n\n\n\n<p>Al\u00e9m disso, trabalhamos com outras empresas que fazem uso de tecnologias de rastreio para oferecer na internet an\u00fancios em nosso nome. Estas empresas podem recolher informa\u00e7\u00f5es sobre as suas visitas \u00e0s nossas p\u00e1ginas web e a sua intera\u00e7\u00e3o com as nossas comunica\u00e7\u00f5es, inclusive an\u00fancios.<br>As tecnologias de retargeting analisam os seus cookies e mostram an\u00fancios com base na sua conduta de navega\u00e7\u00e3o no passado. Para mais informa\u00e7\u00e3o sobre cookies, consulte a sec\u00e7\u00e3o de cookies.<\/p>\n\n\n\n<p>7- Conserva\u00e7\u00e3o dos seus dados<br>Conservamos os seus dados pessoais durante o tempo que for necess\u00e1rio  para cumprir as finalidades para as quais os recolhemos, exceto se o  contr\u00e1rio for exigido por lei <\/p>\n\n\n\n<p><strong>Prote\u00e7\u00e3o de Menores<\/strong><\/p>\n\n\n\n<p>N\u00e3o \u00e9 permitida qualquer transa\u00e7\u00e3o com consumidores menores de 16 anos.<\/p>\n","protected":false},"excerpt":{"rendered":"<p>Condi\u00e7\u00f5es Gerais A F\u00e1brica das Pe\u00fagas (EIRL &#8211; Diogo C. D. Cabelo; NIF: 216349605; Rua Helder Luciano Rold\u00e3o 4 Loja A, Matos 2430-226 Marinha Grande) presta servi\u00e7o de \u201ce-commerce\u201d e vende os seus produtos no website https:\/\/www.fabricadaspeugas.com. Ao assinalar a op\u00e7\u00e3o \u201cLi e aceito os termos e condi\u00e7\u00f5es da loja\u201d, o Cliente est\u00e1 a aceitar [&hellip;]<\/p>\n","protected":false},"author":1,"featured_media":0,"parent":0,"menu_order":0,"comment_status":"closed","ping_status":"closed","template":"","meta":{"footnotes":""},"class_list":["post-949","page","type-page","status-publish","hentry"],"yoast_head":"<!-- This site is optimized with the Yoast SEO plugin v27.5 - https:\/\/yoast.com\/product\/yoast-seo-wordpress\/ -->\n<title>Termos e Condi\u00e7\u00f5es de Uso &#8211; F\u00e1brica das Pe\u00fagas\u00ae - N\u00e3o s\u00e3o s\u00f3 pe\u00fagas!<\/title>\n<meta name=\"robots\" content=\"index, follow, max-snippet:-1, max-image-preview:large, max-video-preview:-1\" \/>\n<link rel=\"canonical\" href=\"https:\/\/fabricadaspeugas.com\/pt_pt\/termos-condicoes\/\" \/>\n<meta property=\"og:locale\" content=\"pt_PT\" \/>\n<meta property=\"og:type\" content=\"article\" \/>\n<meta property=\"og:title\" content=\"Termos e Condi\u00e7\u00f5es de Uso &#8211; F\u00e1brica das Pe\u00fagas\u00ae - N\u00e3o s\u00e3o s\u00f3 pe\u00fagas!\" \/>\n<meta property=\"og:description\" content=\"Condi\u00e7\u00f5es Gerais A F\u00e1brica das Pe\u00fagas (EIRL &#8211; Diogo C. D. Cabelo; NIF: 216349605; Rua Helder Luciano Rold\u00e3o 4 Loja A, Matos 2430-226 Marinha Grande) presta servi\u00e7o de \u201ce-commerce\u201d e vende os seus produtos no website https:\/\/www.fabricadaspeugas.com. Ao assinalar a op\u00e7\u00e3o \u201cLi e aceito os termos e condi\u00e7\u00f5es da loja\u201d, o Cliente est\u00e1 a aceitar [&hellip;]\" \/>\n<meta property=\"og:url\" content=\"https:\/\/fabricadaspeugas.com\/pt_pt\/termos-condicoes\/\" \/>\n<meta property=\"og:site_name\" content=\"F\u00e1brica das Pe\u00fagas\u00ae - N\u00e3o s\u00e3o s\u00f3 pe\u00fagas!\" \/>\n<meta property=\"article:publisher\" content=\"https:\/\/www.facebook.com\/fabricadaspeugas\" \/>\n<meta property=\"article:modified_time\" content=\"2026-03-31T20:10:02+00:00\" \/>\n<meta name=\"twitter:card\" content=\"summary_large_image\" \/>\n<meta name=\"twitter:label1\" content=\"Tempo estimado de leitura\" \/>\n\t<meta name=\"twitter:data1\" content=\"8 minutos\" \/>\n<script type=\"application\/ld+json\" class=\"yoast-schema-graph\">{\"@context\":\"https:\\\/\\\/schema.org\",\"@graph\":[{\"@type\":\"WebPage\",\"@id\":\"https:\\\/\\\/fabricadaspeugas.com\\\/termos-condicoes\\\/\",\"url\":\"https:\\\/\\\/fabricadaspeugas.com\\\/termos-condicoes\\\/\",\"name\":\"Termos e Condi\u00e7\u00f5es de Uso &#8211; F\u00e1brica das Pe\u00fagas\u00ae - N\u00e3o s\u00e3o s\u00f3 pe\u00fagas!\",\"isPartOf\":{\"@id\":\"https:\\\/\\\/fabricadaspeugas.com\\\/#website\"},\"datePublished\":\"2021-01-01T00:00:00+00:00\",\"dateModified\":\"2026-03-31T20:10:02+00:00\",\"breadcrumb\":{\"@id\":\"https:\\\/\\\/fabricadaspeugas.com\\\/termos-condicoes\\\/#breadcrumb\"},\"inLanguage\":\"pt-PT\",\"potentialAction\":[{\"@type\":\"ReadAction\",\"target\":[\"https:\\\/\\\/fabricadaspeugas.com\\\/termos-condicoes\\\/\"]}]},{\"@type\":\"BreadcrumbList\",\"@id\":\"https:\\\/\\\/fabricadaspeugas.com\\\/termos-condicoes\\\/#breadcrumb\",\"itemListElement\":[{\"@type\":\"ListItem\",\"position\":1,\"name\":\"In\u00edcio\",\"item\":\"https:\\\/\\\/fabricadaspeugas.com\\\/\"},{\"@type\":\"ListItem\",\"position\":2,\"name\":\"Termos e Condi\u00e7\u00f5es de Uso\"}]},{\"@type\":\"WebSite\",\"@id\":\"https:\\\/\\\/fabricadaspeugas.com\\\/#website\",\"url\":\"https:\\\/\\\/fabricadaspeugas.com\\\/\",\"name\":\"F\u00e1brica das Pe\u00fagas\u00ae - N\u00e3o s\u00e3o s\u00f3 pe\u00fagas!\",\"description\":\"Pe\u00fagas divertidas, casuais, desportivas e confort\u00e1veis. Desfrute de conforto e qualidade incompar\u00e1veis \u200b\u200ba cada passo.\",\"publisher\":{\"@id\":\"https:\\\/\\\/fabricadaspeugas.com\\\/#organization\"},\"potentialAction\":[{\"@type\":\"SearchAction\",\"target\":{\"@type\":\"EntryPoint\",\"urlTemplate\":\"https:\\\/\\\/fabricadaspeugas.com\\\/?s={search_term_string}\"},\"query-input\":{\"@type\":\"PropertyValueSpecification\",\"valueRequired\":true,\"valueName\":\"search_term_string\"}}],\"inLanguage\":\"pt-PT\"},{\"@type\":\"Organization\",\"@id\":\"https:\\\/\\\/fabricadaspeugas.com\\\/#organization\",\"name\":\"F\u00e1brica das Pe\u00fagas\u00ae\",\"url\":\"https:\\\/\\\/fabricadaspeugas.com\\\/\",\"logo\":{\"@type\":\"ImageObject\",\"inLanguage\":\"pt-PT\",\"@id\":\"https:\\\/\\\/fabricadaspeugas.com\\\/#\\\/schema\\\/logo\\\/image\\\/\",\"url\":\"https:\\\/\\\/fabricadaspeugas.com\\\/wp-content\\\/uploads\\\/2025\\\/05\\\/fabrica_das_peugas_logov3.png\",\"contentUrl\":\"https:\\\/\\\/fabricadaspeugas.com\\\/wp-content\\\/uploads\\\/2025\\\/05\\\/fabrica_das_peugas_logov3.png\",\"width\":200,\"height\":121,\"caption\":\"F\u00e1brica das Pe\u00fagas\u00ae\"},\"image\":{\"@id\":\"https:\\\/\\\/fabricadaspeugas.com\\\/#\\\/schema\\\/logo\\\/image\\\/\"},\"sameAs\":[\"https:\\\/\\\/www.facebook.com\\\/fabricadaspeugas\",\"https:\\\/\\\/www.instagram.com\\\/fabrica.das.peugas\\\/\"]}]}<\/script>\n<!-- \/ Yoast SEO plugin. -->","yoast_head_json":{"title":"Termos e Condi\u00e7\u00f5es de Uso &#8211; F\u00e1brica das Pe\u00fagas\u00ae - N\u00e3o s\u00e3o s\u00f3 pe\u00fagas!","robots":{"index":"index","follow":"follow","max-snippet":"max-snippet:-1","max-image-preview":"max-image-preview:large","max-video-preview":"max-video-preview:-1"},"canonical":"https:\/\/fabricadaspeugas.com\/pt_pt\/termos-condicoes\/","og_locale":"pt_PT","og_type":"article","og_title":"Termos e Condi\u00e7\u00f5es de Uso &#8211; F\u00e1brica das Pe\u00fagas\u00ae - N\u00e3o s\u00e3o s\u00f3 pe\u00fagas!","og_description":"Condi\u00e7\u00f5es Gerais A F\u00e1brica das Pe\u00fagas (EIRL &#8211; Diogo C. D. Cabelo; NIF: 216349605; Rua Helder Luciano Rold\u00e3o 4 Loja A, Matos 2430-226 Marinha Grande) presta servi\u00e7o de \u201ce-commerce\u201d e vende os seus produtos no website https:\/\/www.fabricadaspeugas.com. Ao assinalar a op\u00e7\u00e3o \u201cLi e aceito os termos e condi\u00e7\u00f5es da loja\u201d, o Cliente est\u00e1 a aceitar [&hellip;]","og_url":"https:\/\/fabricadaspeugas.com\/pt_pt\/termos-condicoes\/","og_site_name":"F\u00e1brica das Pe\u00fagas\u00ae - N\u00e3o s\u00e3o s\u00f3 pe\u00fagas!","article_publisher":"https:\/\/www.facebook.com\/fabricadaspeugas","article_modified_time":"2026-03-31T20:10:02+00:00","twitter_card":"summary_large_image","twitter_misc":{"Tempo estimado de leitura":"8 minutos"},"schema":{"@context":"https:\/\/schema.org","@graph":[{"@type":"WebPage","@id":"https:\/\/fabricadaspeugas.com\/termos-condicoes\/","url":"https:\/\/fabricadaspeugas.com\/termos-condicoes\/","name":"Termos e Condi\u00e7\u00f5es de Uso &#8211; F\u00e1brica das Pe\u00fagas\u00ae - N\u00e3o s\u00e3o s\u00f3 pe\u00fagas!","isPartOf":{"@id":"https:\/\/fabricadaspeugas.com\/#website"},"datePublished":"2021-01-01T00:00:00+00:00","dateModified":"2026-03-31T20:10:02+00:00","breadcrumb":{"@id":"https:\/\/fabricadaspeugas.com\/termos-condicoes\/#breadcrumb"},"inLanguage":"pt-PT","potentialAction":[{"@type":"ReadAction","target":["https:\/\/fabricadaspeugas.com\/termos-condicoes\/"]}]},{"@type":"BreadcrumbList","@id":"https:\/\/fabricadaspeugas.com\/termos-condicoes\/#breadcrumb","itemListElement":[{"@type":"ListItem","position":1,"name":"In\u00edcio","item":"https:\/\/fabricadaspeugas.com\/"},{"@type":"ListItem","position":2,"name":"Termos e Condi\u00e7\u00f5es de Uso"}]},{"@type":"WebSite","@id":"https:\/\/fabricadaspeugas.com\/#website","url":"https:\/\/fabricadaspeugas.com\/","name":"F\u00e1brica das Pe\u00fagas\u00ae - N\u00e3o s\u00e3o s\u00f3 pe\u00fagas!","description":"Pe\u00fagas divertidas, casuais, desportivas e confort\u00e1veis. Desfrute de conforto e qualidade incompar\u00e1veis \u200b\u200ba cada passo.","publisher":{"@id":"https:\/\/fabricadaspeugas.com\/#organization"},"potentialAction":[{"@type":"SearchAction","target":{"@type":"EntryPoint","urlTemplate":"https:\/\/fabricadaspeugas.com\/?s={search_term_string}"},"query-input":{"@type":"PropertyValueSpecification","valueRequired":true,"valueName":"search_term_string"}}],"inLanguage":"pt-PT"},{"@type":"Organization","@id":"https:\/\/fabricadaspeugas.com\/#organization","name":"F\u00e1brica das Pe\u00fagas\u00ae","url":"https:\/\/fabricadaspeugas.com\/","logo":{"@type":"ImageObject","inLanguage":"pt-PT","@id":"https:\/\/fabricadaspeugas.com\/#\/schema\/logo\/image\/","url":"https:\/\/fabricadaspeugas.com\/wp-content\/uploads\/2025\/05\/fabrica_das_peugas_logov3.png","contentUrl":"https:\/\/fabricadaspeugas.com\/wp-content\/uploads\/2025\/05\/fabrica_das_peugas_logov3.png","width":200,"height":121,"caption":"F\u00e1brica das Pe\u00fagas\u00ae"},"image":{"@id":"https:\/\/fabricadaspeugas.com\/#\/schema\/logo\/image\/"},"sameAs":["https:\/\/www.facebook.com\/fabricadaspeugas","https:\/\/www.instagram.com\/fabrica.das.peugas\/"]}]}},"_links":{"self":[{"href":"https:\/\/fabricadaspeugas.com\/pt_pt\/wp-json\/wp\/v2\/pages\/949","targetHints":{"allow":["GET"]}}],"collection":[{"href":"https:\/\/fabricadaspeugas.com\/pt_pt\/wp-json\/wp\/v2\/pages"}],"about":[{"href":"https:\/\/fabricadaspeugas.com\/pt_pt\/wp-json\/wp\/v2\/types\/page"}],"author":[{"embeddable":true,"href":"https:\/\/fabricadaspeugas.com\/pt_pt\/wp-json\/wp\/v2\/users\/1"}],"replies":[{"embeddable":true,"href":"https:\/\/fabricadaspeugas.com\/pt_pt\/wp-json\/wp\/v2\/comments?post=949"}],"version-history":[{"count":0,"href":"https:\/\/fabricadaspeugas.com\/pt_pt\/wp-json\/wp\/v2\/pages\/949\/revisions"}],"wp:attachment":[{"href":"https:\/\/fabricadaspeugas.com\/pt_pt\/wp-json\/wp\/v2\/media?parent=949"}],"curies":[{"name":"wp","href":"https:\/\/api.w.org\/{rel}","templated":true}]}}